{"version":"1.0","provider_name":"Intelisis Blog","provider_url":"https:\/\/www.intelisis.com\/blog","author_name":"IntelisisMx","author_url":"https:\/\/www.intelisis.com\/blog\/author\/intelisis-corp\/","title":"M\u00e9xico producir\u00e1 su primer auto el\u00e9ctrico","type":"rich","width":600,"height":338,"html":"<blockquote class=\"wp-embedded-content\" data-secret=\"cZ9uBLxSyf\"><a href=\"https:\/\/www.intelisis.com\/blog\/mexico-producira-su-primer-auto-electrico\/\">M\u00e9xico producir\u00e1 su primer auto el\u00e9ctrico<\/a><\/blockquote><iframe sandbox=\"allow-scripts\" security=\"restricted\" src=\"https:\/\/www.intelisis.com\/blog\/mexico-producira-su-primer-auto-electrico\/embed\/#?secret=cZ9uBLxSyf\" width=\"600\" height=\"338\" title=\"&#8220;M\u00e9xico producir\u00e1 su primer auto el\u00e9ctrico&#8221; &#8212; Intelisis Blog\" data-secret=\"cZ9uBLxSyf\" frameborder=\"0\" marginwidth=\"0\" marginheight=\"0\" scrolling=\"no\" class=\"wp-embedded-content\"><\/iframe><script type=\"text\/javascript\">\n\/* <![CDATA[ *\/\n\/*! This file is auto-generated *\/\n!function(d,l){\"use strict\";l.querySelector&&d.addEventListener&&\"undefined\"!=typeof URL&&(d.wp=d.wp||{},d.wp.receiveEmbedMessage||(d.wp.receiveEmbedMessage=function(e){var t=e.data;if((t||t.secret||t.message||t.value)&&!\/[^a-zA-Z0-9]\/.test(t.secret)){for(var s,r,n,a=l.querySelectorAll('iframe[data-secret=\"'+t.secret+'\"]'),o=l.querySelectorAll('blockquote[data-secret=\"'+t.secret+'\"]'),c=new RegExp(\"^https?:$\",\"i\"),i=0;i<o.length;i++)o[i].style.display=\"none\";for(i=0;i<a.length;i++)s=a[i],e.source===s.contentWindow&&(s.removeAttribute(\"style\"),\"height\"===t.message?(1e3<(r=parseInt(t.value,10))?r=1e3:~~r<200&&(r=200),s.height=r):\"link\"===t.message&&(r=new URL(s.getAttribute(\"src\")),n=new URL(t.value),c.test(n.protocol))&&n.host===r.host&&l.activeElement===s&&(d.top.location.href=t.value))}},d.addEventListener(\"message\",d.wp.receiveEmbedMessage,!1),l.addEventListener(\"DOMContentLoaded\",function(){for(var e,t,s=l.querySelectorAll(\"iframe.wp-embedded-content\"),r=0;r<s.length;r++)(t=(e=s[r]).getAttribute(\"data-secret\"))||(t=Math.random().toString(36).substring(2,12),e.src+=\"#?secret=\"+t,e.setAttribute(\"data-secret\",t)),e.contentWindow.postMessage({message:\"ready\",secret:t},\"*\")},!1)))}(window,document);\n\/\/# sourceURL=https:\/\/www.intelisis.com\/blog\/wp-includes\/js\/wp-embed.min.js\n\/* ]]> *\/\n<\/script>\n","thumbnail_url":"https:\/\/www.intelisis.com\/blog\/wp-content\/uploads\/2018\/05\/Auto-electrico-mexicano.jpg","thumbnail_width":1024,"thumbnail_height":512,"description":"Zacua, la primera marca mexicana de autos el\u00e9ctricos en la industria automotriz, anunci\u00f3 el inicio de la producci\u00f3n de las primeras 100 unidades en su nueva planta ubicada en el Parque Industrial de Puebla 2000. La marca mexicana lanzar\u00e1 en un principio la producci\u00f3n de 100 unidades de sus dos modelos, el M2 y M3. [&hellip;]"}